{"id":35603,"date":"2025-08-29T12:57:47","date_gmt":"2025-08-29T12:57:47","guid":{"rendered":"https:\/\/alfaomega.tv\/librarie\/?post_type=product&#038;p=35603"},"modified":"2025-10-28T14:35:10","modified_gmt":"2025-10-28T14:35:10","slug":"40-de-semne-ca-isus-va-reveni-curand","status":"publish","type":"product","link":"https:\/\/alfaomega.tv\/librarie\/produse\/intelegerea-vremurilor-israel\/40-de-semne-ca-isus-va-reveni-curand\/","title":{"rendered":"40 de semne c\u0103 Isus va reveni cur\u00e2nd"},"content":{"rendered":"<p>Isus a v\u0103zut imaginea de ansamblu a seceri\u0219ului. El \u0219i-a surprins ucenicii spun\u00e2ndu-le c\u0103 prima dat\u0103 trebuie s\u0103 \u00eendeplineasc\u0103 o misiune la nivel mondial. Prima dat\u0103 ei trebuie s\u0103 predice Vestea Bun\u0103 a Evangheliei, nu doar \u00een Ierusalim, ci \u00een \u00eentreaga lume! Acum, 2 000 de ani mai t\u00e2rziu, este timpul ca Isus s\u0103 restaureze \u00cemp\u0103r\u0103\u021bia lui Israel! Fi\u021bi aten\u021bi la ce se \u00eent\u00e2mpl\u0103 \u00een aceast\u0103 \u021bar\u0103! Este extrem de important s\u0103 \u00een\u021belegem c\u0103 restaurarea Israelului este o introducere la a Doua Venire a Domnului Isus. \u00cen Psalmul 102:16 citim: \u201eDa, Domnul va zidi iar\u0103\u0219i Sionul \u0219i Se va ar\u0103ta \u00een slava Sa\u201d. Sunt multe semne care prevestesc c\u0103 Mesia se va \u00eentoarce cur\u00e2nd, exact a\u0219a cum a promis, s\u0103 ocupe tronul lui David. Mul\u021bi vor fi lua\u021bi prin surprindere, iar \u00een aceast\u0103 bro\u0219ur\u0103 prezent\u0103m principalele 40 de semne ale revenirii lui Isus, pentru a te ajuta s\u0103 recuno\u0219ti ora \u00eenaintat\u0103 \u00een care ne afl\u0103m. Fii preg\u0103tit!<\/p>\n<p>&nbsp;<\/p>\n","protected":false},"excerpt":{"rendered":"<p>Isus a v\u0103zut imaginea de ansamblu a seceri\u0219ului. El \u0219i-a surprins ucenicii spun\u00e2ndu-le c\u0103 prima dat\u0103 trebuie s\u0103 \u00eendeplineasc\u0103 o misiune la nivel mondial. Prima dat\u0103 ei trebuie s\u0103 predice Vestea Bun\u0103 a Evangheliei, nu doar \u00een Ierusalim, ci \u00een \u00eentreaga lume! Acum, 2 000 de ani mai t\u00e2rziu, este timpul ca Isus s\u0103 restaureze \u00cemp\u0103r\u0103\u021bia lui Israel! Fi\u021bi aten\u021bi la ce se \u00eent\u00e2mpl\u0103 \u00een aceast\u0103 \u021bar\u0103! Este extrem de important s\u0103 \u00een\u021belegem c\u0103 restaurarea Israelului este o introducere la a Doua Venire a Domnului Isus.<\/p>\n","protected":false},"featured_media":7241,"template":"","meta":{"_acf_changed":false},"product_brand":[],"product_cat":[24],"product_tag":[],"class_list":{"0":"post-35603","1":"product","2":"type-product","3":"status-publish","4":"has-post-thumbnail","6":"product_cat-intelegerea-vremurilor-israel","7":"pa_autori-christine-darg","8":"pa_format-carte-tiparita","9":"pa_format-carte-electronica","11":"first","12":"instock","13":"shipping-taxable","14":"purchasable","15":"product-type-variable"},"acf":[],"_links":{"self":[{"href":"https:\/\/alfaomega.tv\/librarie\/wp-json\/wp\/v2\/product\/35603","targetHints":{"allow":["GET"]}}],"collection":[{"href":"https:\/\/alfaomega.tv\/librarie\/wp-json\/wp\/v2\/product"}],"about":[{"href":"https:\/\/alfaomega.tv\/librarie\/wp-json\/wp\/v2\/types\/product"}],"wp:featuredmedia":[{"embeddable":true,"href":"https:\/\/alfaomega.tv\/librarie\/wp-json\/wp\/v2\/media\/7241"}],"wp:attachment":[{"href":"https:\/\/alfaomega.tv\/librarie\/wp-json\/wp\/v2\/media?parent=35603"}],"wp:term":[{"taxonomy":"product_brand","embeddable":true,"href":"https:\/\/alfaomega.tv\/librarie\/wp-json\/wp\/v2\/product_brand?post=35603"},{"taxonomy":"product_cat","embeddable":true,"href":"https:\/\/alfaomega.tv\/librarie\/wp-json\/wp\/v2\/product_cat?post=35603"},{"taxonomy":"product_tag","embeddable":true,"href":"https:\/\/alfaomega.tv\/librarie\/wp-json\/wp\/v2\/product_tag?post=35603"}],"curies":[{"name":"wp","href":"https:\/\/api.w.org\/{rel}","templated":true}]}}