{"id":35737,"date":"2025-08-29T12:58:38","date_gmt":"2025-08-29T12:58:38","guid":{"rendered":"https:\/\/alfaomega.tv\/librarie\/?post_type=product&#038;p=35737"},"modified":"2025-10-24T07:47:50","modified_gmt":"2025-10-24T07:47:50","slug":"puterea-vocii","status":"publish","type":"product","link":"https:\/\/alfaomega.tv\/librarie\/produse\/lauda-si-inchinare\/puterea-vocii\/","title":{"rendered":"Puterea vocii"},"content":{"rendered":"<p>Sunet. Mi\u0219care. Se spune c\u0103 acestea dou\u0103 sunt inseparabile \u2013 literal \u0219i metaforic. Mul\u021bi vrem s\u0103 mergem \u00eenainte, s\u0103 ob\u021binem \u0219i s\u0103 st\u0103p\u00e2nim locul nostru \u00een via\u021b\u0103, totu\u0219i r\u0103t\u0103cim \u0219i ne t\u00e2r\u00e2m f\u0103r\u0103 un scop, f\u0103r\u0103 s\u0103 \u0219tim ce anume ne blocheaz\u0103 mi\u0219carea, indiferent de ceea ce facem. Se prea poate ca solu\u021bia s\u0103 fie chiar \u00een fa\u021ba voastr\u0103 \u2013 sau, mai precis, chiar \u00een interiorul vostru.<\/p>\n<p>Cartea \u201ePuterea vocii\u201d abordeaz\u0103 multe probleme care ne opresc din a deveni cine suntem cu adev\u0103rat \u0219i provoac\u0103 cititorul s\u0103 \u00eenfrunte temerile care s-au dezvoltat de-a lungul anilor de t\u0103cere, temeri care au blocat dezvoltarea \u00een multe aspecte. Modul t\u0103u unic de exprimare poate fi cheia c\u0103tre succes \u0219i libertate. Deschide aceast\u0103 carte \u0219i p\u0103\u0219e\u0219te \u00eentr-o lume care a existat \u00een tine \u00eenc\u0103 de la \u00eenceput. G\u0103se\u0219te, redob\u00e2nde\u0219te \u0219i folose\u0219te-\u021bi sunetul unic.<\/p>\n<p>\u00a0<\/p>\n<p>Nr. pagini: 94<\/p>\n","protected":false},"excerpt":{"rendered":"<p>G\u0103se\u0219te, redob\u00e2nde\u0219te \u0219i<br \/>\nfolose\u0219te-\u021bi sunetul t\u0103u unic<\/p>\n","protected":false},"featured_media":7401,"template":"","meta":{"_acf_changed":false},"product_brand":[],"product_cat":[20],"product_tag":[],"class_list":{"0":"post-35737","1":"product","2":"type-product","3":"status-publish","4":"has-post-thumbnail","6":"product_cat-lauda-si-inchinare","7":"pa_autori-james-vincent","8":"pa_format-carte-tiparita","9":"pa_format-carte-electronica","11":"first","12":"instock","13":"shipping-taxable","14":"purchasable","15":"product-type-variable"},"acf":[],"_links":{"self":[{"href":"https:\/\/alfaomega.tv\/librarie\/wp-json\/wp\/v2\/product\/35737","targetHints":{"allow":["GET"]}}],"collection":[{"href":"https:\/\/alfaomega.tv\/librarie\/wp-json\/wp\/v2\/product"}],"about":[{"href":"https:\/\/alfaomega.tv\/librarie\/wp-json\/wp\/v2\/types\/product"}],"wp:featuredmedia":[{"embeddable":true,"href":"https:\/\/alfaomega.tv\/librarie\/wp-json\/wp\/v2\/media\/7401"}],"wp:attachment":[{"href":"https:\/\/alfaomega.tv\/librarie\/wp-json\/wp\/v2\/media?parent=35737"}],"wp:term":[{"taxonomy":"product_brand","embeddable":true,"href":"https:\/\/alfaomega.tv\/librarie\/wp-json\/wp\/v2\/product_brand?post=35737"},{"taxonomy":"product_cat","embeddable":true,"href":"https:\/\/alfaomega.tv\/librarie\/wp-json\/wp\/v2\/product_cat?post=35737"},{"taxonomy":"product_tag","embeddable":true,"href":"https:\/\/alfaomega.tv\/librarie\/wp-json\/wp\/v2\/product_tag?post=35737"}],"curies":[{"name":"wp","href":"https:\/\/api.w.org\/{rel}","templated":true}]}}